{"id":57448,"date":"2022-11-04T12:49:04","date_gmt":"2022-11-04T12:49:04","guid":{"rendered":"https:\/\/www.legal500.com\/events\/?post_type=event_report&#038;p=57448"},"modified":"2022-12-13T15:47:34","modified_gmt":"2022-12-13T15:47:34","slug":"gc-summit-izmir-2022","status":"publish","type":"event_report","link":"https:\/\/my.legal500.com\/events\/report\/gc-summit-izmir-2022\/","title":{"rendered":"GC Summit Izmir 2022"},"content":{"rendered":"<p>The very first GC conference in \u0130zmir by The Legal 500 and leading law firm K\u0131l\u0131n\u00e7 Law &amp; Consulting was hosted at the Izmir Marriott Hotel on 26th October 2022.<\/p>\n<p>Such was the excitement and anticipation of hosting the very first GC Summit in T\u00fcrkiye\u2019s third most populous city that thirty-ne media outlets covered the Summit, \u00a0including Anadolu Agency, Demir\u00f6ren haber Ajans\u0131, Habert\u00fcrk Man\u015fet T\u00fcrkiye, Time35 \u0130zmir Haber, Ege&#8217;de Sons\u00f6z, OG\u00dcN Haber, Son-An Gazetesi \u00a0and dikgazete.com.<\/p>\n<p>The purpose of the conference was to highlight just how important the work of lawyers and legal advisors are in the Aegean Region and to showcase its growing legal market, its attraction to major investment and its huge appeal across the country.<\/p>\n<p>The GC Summit \u0130zmir attracted over 70 attendees, including legal counsel, C-Suite executives \u00a0and a group of talented law students. The three panels covered topics including disputes settlement through arbitration, arbitration records in freight contracts \u00a0and competition law. The conference ended with a networking cocktail \/ drinks reception accompanied by a beautiful \u00a0view of this amazing city.<\/p>\n<p>Guest speakers on the panels included Dr Ya\u015far Can G\u00f6ksoy, Department of Commercial Law, D.E.\u00dc. Hukuk Fak\u00fcltesi<u>, <\/u>Selda S\u00fcel \u00d6z\u00fcyamanba\u015f, Legal Affairs Manager, MSC Gemi Acenteli\u011fi A.\u015e, P\u0131nar Parlak Koyuncu, Head of Legal, Stellantis, P\u0131nar Aksakal Ayd\u0131n, Senior Legal and Compliance Counsel, Gediz Perakende &amp; Aydem Perakende \u00a0and Prof Dr O\u011fuz Atalay, Counselor.<\/p>\n<p>The Legal 500 would like to thank K\u0131l\u0131n\u00e7 Law &amp; Consulting, all guest speakers \u00a0and attendees who made this event incredibly successful.<\/p>\n<h2><strong>COMPANIES IN ATTENDANCE:<\/strong><\/h2>\n<p>Akdeniz Chemson, Alfa T\u0131p Merkezi, Aydem Enerji, BATI ANADOLU GRUBU, Cimentas Group, Efe \u0130\u00e7ecek Sanayi ve Ticaret A.\u015e, Gediz Elektrik , Gediz Perakende &amp; Aydem Perakende, JTI, Migros Tic A.\u015e., MSC Gemi Acenteli\u011fi A.\u015e., Norm Holding, SDA GIDA A.\u015e., SOCAR T\u00fcrkiye\u00a0, TPI Composites, WiserTech Innovation and Technology Investments Inc., Zorlu Holding<\/p>\n<h2><strong>Some of the post event feedback from delegates at the GC Summit \u0130zmir 2022 <\/strong><\/h2>\n<p>\u201cI would like to express my gratitude to everyone who contributed to the realisation of the event.\u201d<\/p>\n<p>\u201cOn this occasion, we would like to thank Legal 500 (Legalease), Bar\u0131\u015f Agun and K\u0131l\u0131n\u00e7 Law &amp; Consulting for their magnificent contribution to the organization of such a Summit.&#8221;<\/p>\n<p>\u201cI would like to share that I am happy to participate in the GC Summit event, which was held for the first time in Izmir under the leadership of K\u0131l\u0131n\u00e7 Law &amp; Consulting and The Legal 500 (Legalease). In this event, I had the opportunity to listen and meet experts in the field. I would like to thank everyone who contributed to this beautiful event.\u201d<\/p>\n<p>\u201cAt the K\u0131l\u0131n\u00e7 Law &amp; Consulting event, which was held for the first time in Izmir under the leadership of Legal500 and #GCSummit\u0130zmir yesterday, I had the opportunity to listen to successful people in their fields and meet new people. I would like to thank you for this beautiful event.\u201d<\/p>\n<p>\u201cThe event included excellent speeches from various practitioners and scholars. Our special thanks goes to; the whole team who helped to organise such a delightful event.\u201d<\/p>\n<h2><strong>NEWS COVERAGE<\/strong><\/h2>\n<p>GC Summit Izmir was covered by 30 national and media outlets, below are the articles detailing the success of the event.<\/p>\n<ol>\n<li><a href=\"https:\/\/www.haberturk.com\/izmir-haberleri\/99869002-sirket-avukatlari-izmirde-bulustu\">Habert\u00fcrk<\/a><\/li>\n<li><a href=\"https:\/\/www.dha.com.tr\/ekonomi\/sirket-avukatlari-izmirde-bulustu-2152859\">Demir\u00f6ren Haber Ajans\u0131<\/a><\/li>\n<li><a href=\"https:\/\/www.bursatv.com.tr\/genel\/sirket-avukatlari-izmir-de-bulustu-h1004127.html\">Bursatv<\/a><\/li>\n<li><a href=\"https:\/\/tarafsizlar.com.tr\/sirket-avukatlari-izmirde-bulustu-2\/\">Tarafs\u0131zlar<\/a><\/li>\n<li><a href=\"https:\/\/songelisme.com\/sirket-avukatlari-izmirde-bulustu\/?utm_source=rss&amp;utm_medium=rss&amp;utm_campaign=sirket-avukatlari-izmirde-bulustu\">Son Geli\u015fme<\/a><\/li>\n<li><a href=\"https:\/\/haberton.com\/sirket-avukatlari-izmirde-bulustu\/\">Haberton<\/a><\/li>\n<li><a href=\"https:\/\/www.mansetturkiye.com\/sirket-avukatlari-izmir-de-bulustu\/79591\/\">Man\u015fet T\u00fcrkiye<\/a><\/li>\n<li><a href=\"https:\/\/www.aa.com.tr\/tr\/gundem\/hukuk-musavirleri-uluslararasi-arena-icin-izmirde-bulustu\/2723276\">AA<\/a><\/li>\n<li><a href=\"https:\/\/www.yenibakis.com.tr\/sirket-avukatlari-izmir-de-bulustu\/171491\/\">Yeni Bak\u0131\u015f<\/a><\/li>\n<li><a href=\"https:\/\/www.izmirtime35.com\/sirket-avukatlari-izmirde-bulustu-75798-haberi\">Time35<\/a><\/li>\n<li><a href=\"https:\/\/www.ulusalhaber.com.tr\/sirket-avukatlari-izmirde-bulustu\/543279\/\">Ulusal Haber<\/a><\/li>\n<li><a href=\"https:\/\/www.egedesonsoz.com\/haber\/Hukuk-musavirleri-Izmir-de-bulustu\/1120549\">Ege&#8217;de Sons\u00f6z<\/a><\/li>\n<li><a href=\"https:\/\/www.ensondakika.com.tr\/hukuk-musavirleri-uluslararasi-arena-icin-izmir-de-bulustu\/45008\/\">Ensondakika<\/a><\/li>\n<li><a style=\"font-size: 1rem\" href=\"https:\/\/www.kulliyehaber.com\/hukuk-musavirleri-uluslararasi-arena-icin-izmirde-bulustu\/\">K\u00fclliye Haber<\/a><\/li>\n<li><a href=\"https:\/\/www.ogunhaber.com\/genel\/hukuk-musavirleri-uluslararasi-arena-icin-izmirde-bulustu-2368025h.html\">Ogun Haber<\/a><\/li>\n<li><a href=\"https:\/\/www.konhaber.com\/guncel\/hukuk_musavirleri_uluslararasi_arena_icin_izmir_de_bulustu-1862426h\">Kon Haber<\/a><\/li>\n<li><a href=\"https:\/\/www.tunaydingazetesi.com\/haber\/62269\/hukuk-musavirleri-quot-uluslararasi-arena-quot-icin-izmir-de-bulustu\/\">T\u00fcnaydin<\/a><\/li>\n<li><a href=\"https:\/\/mevzuhaber.com\/hukuk-musavirleri-uluslararasi-arena-icin-izmirde-bulustu\/\">Mevzu Haber<\/a><\/li>\n<li><a href=\"https:\/\/www.sonangazetesi.com\/haber\/60298\/hukuk-musavirleri-quot-uluslararasi-arena-quot-icin-izmir-de-bulustu\/\">Son-An\u00a0Gazetesi<\/a><\/li>\n<li><a href=\"https:\/\/konyabakis.com\/guncel\/hukuk-musavirleri-uluslararasi-arena-icin-izmirde-bulustu-16049h\">Konya Bakis<\/a><\/li>\n<li><a href=\"https:\/\/www.turkiyeajansi.com\/guncel\/hukuk-musavirleri-uluslararasi-arena-icin-izmirde-bulustu-337532h\">T\u00fcrkiye Ajansi<\/a><\/li>\n<li><a href=\"https:\/\/www.breakingnews.com.tr\/haber\/hukuk-musavirleri-uluslararasi-arena-icin-izmirde-bulustu-89554\">Breaking News<\/a><\/li>\n<li><a href=\"https:\/\/gazetebirlik.com\/haber\/hukuk-musavirleri-uluslararasi-arena-icin-izmirde-bulustu-8945\/\">Yeni Birlik<\/a><\/li>\n<li><a href=\"https:\/\/www.megahaber27.com\/haber\/hukuk-musavirleri-uluslararasi-arena-icin-izmirde-bulustu-227988.html\">Megahaber27<\/a><\/li>\n<li><a href=\"https:\/\/gazetememur.com\/yasam\/hukuk-musavirleri-uluslararasi-arena-icin-izmirde-bulustu,ulpBeBP5rE-g4JwK7E-4gg\">Gazete Memur<\/a><\/li>\n<li><a href=\"https:\/\/www.konyaaktuel.com.tr\/hukuk-musavirleri-uluslararasi-arena-icin-izmir-de-bulustu\/371302\/\">Konya Aktuel<\/a><\/li>\n<li><a href=\"https:\/\/www.dikgazete.com\/haber\/hukuk-musavirleri-uluslararasi-arena-icin-izmirde-bulustu-801094.html\">Dik Gazete<\/a><\/li>\n<li><a href=\"http:\/\/kanalb.com.tr\/haber.php?HaberNo=167993\">Kanal B<\/a><\/li>\n<li><a href=\"https:\/\/jurnalci.com\/hukuk-musavirleri-uluslararasi-arena-icin-izmirde-bulustu-422552.html\">JurnalCi<\/a><\/li>\n<li><a href=\"https:\/\/www.haberinioku.com\/hukuk-musavirleri-uluslararasi-arena-icin-izmir-de-bulustu\/208781\/\">Haberini Oku<\/a><\/li>\n<\/ol>\n<div class=\"SzZmKb\">\n<div class=\"K20DDe R9GLFb JXFbbc LtKgIf a1vOw BY2RHc\" lang=\"en-GB\" data-hveid=\"CE4QAA\" data-ved=\"2ahUKEwjulNGZw5T7AhXKbMAKHaXuCJgQxPoBegQIThAA\">\n<div class=\"Hhmu2e wDYxhc NFQFxe viOShc LKPcQc\" lang=\"en-GB\" data-md=\"16\" data-hveid=\"CE0QAA\" data-ved=\"2ahUKEwjulNGZw5T7AhXKbMAKHaXuCJgQhyh6BAhNEAA\">\n<div class=\"Ftghae VgfJld iirjIb\"><\/div>\n<\/div>\n<\/div>\n<\/div>\n","protected":false},"featured_media":57478,"template":"","class_list":["post-57448","event_report","type-event_report","status-publish","has-post-thumbnail","hentry"],"acf":[],"_links":{"self":[{"href":"https:\/\/my.legal500.com\/events\/wp-json\/wp\/v2\/event_report\/57448","targetHints":{"allow":["GET"]}}],"collection":[{"href":"https:\/\/my.legal500.com\/events\/wp-json\/wp\/v2\/event_report"}],"about":[{"href":"https:\/\/my.legal500.com\/events\/wp-json\/wp\/v2\/types\/event_report"}],"version-history":[{"count":0,"href":"https:\/\/my.legal500.com\/events\/wp-json\/wp\/v2\/event_report\/57448\/revisions"}],"wp:featuredmedia":[{"embeddable":true,"href":"https:\/\/my.legal500.com\/events\/wp-json\/wp\/v2\/media\/57478"}],"wp:attachment":[{"href":"https:\/\/my.legal500.com\/events\/wp-json\/wp\/v2\/media?parent=57448"}],"curies":[{"name":"wp","href":"https:\/\/api.w.org\/{rel}","templated":true}]}}